{"id":81,"date":"2019-09-12T14:53:47","date_gmt":"2019-09-12T12:53:47","guid":{"rendered":"http:\/\/www.friedhofsgemeinschaft-berghausen.de\/?page_id=81"},"modified":"2026-03-24T10:58:37","modified_gmt":"2026-03-24T09:58:37","slug":"waldfriedhof-berghausen","status":"publish","type":"page","link":"https:\/\/www.friedhofsgemeinschaft-berghausen.de\/","title":{"rendered":"Waldfriedhof Berghausen"},"content":{"rendered":"\n<p><em>Herzlich Willkommen auf der Homepage der Friedhofsgemeinschaft Berghausen e.V. (FGB) und des privaten Friedhofs in Berghausen. <strong>Sch\u00f6n, dass Sie sich f\u00fcr uns und unsere Arbeit interessieren!<\/strong><\/em><\/p>\n\n\n\n<p><em>Ich nehme Sie gerne ein St\u00fcck mit und gebe Ihnen einige Informationen zu unserem gemeinn\u00fctzigen Verein und unserem wundersch\u00f6nen Waldfriedhof.<\/em><\/p>\n\n\n\n<p><em>Dieser liegt auf einem Grundst\u00fcck unterhalb der Nordhelle und hat die&nbsp;<strong>Anschrift<\/strong>&nbsp;<strong>(f\u00fcr Ihr Navi):<\/strong><\/em><\/p>\n\n\n\n<p><strong><em>\u201eDr. Meyer-Jagenberg-Weg, 51647 Gummersbach-Berghausen\u201c<\/em><\/strong><em>.<\/em><\/p>\n\n\n\n<p><em>Die Idee f\u00fcr einen Friedhof entstand bereits im Jahr 1953 bei Berghausener B\u00fcrgern\/innen.<\/em><\/p>\n\n\n\n<p><em>Schnell, nachdem die Gemeinde Gimborn und die beiden Kirchen eine Tr\u00e4gerschaft abgelehnt hatten, wurde eine Friedhofsgemeinschaft gegr\u00fcndet. Die erste Bestattung konnte schon im Jahr 1954 durchgef\u00fchrt werden.<\/em><\/p>\n\n\n\n<p><em>Sp\u00e4ter wurde der Friedhof um ein Waldgrundst\u00fcck, dass sich im Eigentum der Stadt Gummersbach befand, erweitert.<\/em><\/p>\n\n\n\n<p><em>In wundersch\u00f6ner Lage, oberhalb unseres Ortes, inmitten eines alten Baumbestandes, wurden zwischen Buchen und Eichen bis heute etwa 850 Einwohner bestattet.<\/em><\/p>\n\n\n\n<figure class=\"wp-block-image\"><img loading=\"lazy\" decoding=\"async\" width=\"338\" height=\"450\" src=\"http:\/\/www.friedhofsgemeinschaft-berghausen.de\/wp-content\/uploads\/2019\/07\/friedhof02-1.jpg\" alt=\"\" class=\"wp-image-13\" srcset=\"https:\/\/www.friedhofsgemeinschaft-berghausen.de\/wp-content\/uploads\/2019\/07\/friedhof02-1.jpg 338w, https:\/\/www.friedhofsgemeinschaft-berghausen.de\/wp-content\/uploads\/2019\/07\/friedhof02-1-225x300.jpg 225w\" sizes=\"auto, (max-width: 338px) 100vw, 338px\" \/><figcaption class=\"wp-element-caption\">Dorfglocke<\/figcaption><\/figure>\n\n\n\n<p><strong><em>Die Friedhofsgemeinschaft selber ist&nbsp;am 27.02.2026 mit einem neuen Vorstand in die Zukunft gestartet.<\/em><\/strong><\/p>\n\n\n\n<p><em>Dieser \u201eNeustart\u201c setzt insbesondere auf<\/em><\/p>\n\n\n\n<ul class=\"wp-block-list\">\n<li><em>die\u00a0<strong>Implementierung neuer Bestattungsformen<\/strong>,<\/em><\/li>\n\n\n\n<li><em>der\u00a0<strong>Erhalt des Friedhofs<\/strong>\u00a0als ein \u201eLeuchtturm unserer Heimat\u201c,<\/em><\/li>\n\n\n\n<li><em>die\u00a0<strong>\u00d6ffnung der Mitgliedschaft<\/strong>\u00a0f\u00fcr einen gr\u00f6\u00dferen Personenkreis und<\/em><\/li>\n\n\n\n<li><em>die\u00a0<strong>feste Verankerung des Vereins\u00a0<\/strong>in der <strong>DorfGemeinschaft Berghausen<\/strong>.<\/em><\/li>\n<\/ul>\n\n\n\n<p><strong><em>Hierbei k\u00f6nnen Sie uns nicht nur unterst\u00fctzen, sondern auch aktiv begleiten!<\/em><\/strong><\/p>\n\n\n\n<p><strong><em>Der Erhalt des Friedhofs ist eine Gemeinschaftsaufgabe der B\u00fcrger\/innen unseres Dorfes und seiner n\u00e4heren Umgebung!<\/em><\/strong><\/p>\n\n\n\n<p><em>Aktuell bieten wir <strong>f\u00fcr unsere Mitglieder<\/strong> klassische <strong>Erd- bzw. Urnen-<\/strong>, sowie <strong>anonyme oder pflegefreie Urnenbestattungen;<\/strong><\/em><\/p>\n\n\n\n<p><em>unter bestimmten Bedingungen auch f\u00fcr&nbsp;<strong>Nichtmitglieder<\/strong>,&nbsp;an.<\/em><\/p>\n\n\n\n<p><em>Zuk\u00fcnftig soll es au\u00dferdem Bestattungen in einem <strong>Begr\u00e4bnis-\/Fried-Wald <\/strong>und auf einem <strong>Aschestreufeld<\/strong> geben.<\/em><\/p>\n\n\n\n<p><em>Der Friedhof und die angeschlossene <strong>Trauerhalle<\/strong> werden aktuell entsprechend vorbereitet.<\/em><\/p>\n\n\n\n<p><em>N\u00e4heres entnehmen Sie bitte der jeweils aktuellen Fassung unserer Vereinssatzung, Beitrags- und Geb\u00fchren-, sowie Friedhofs- und Bestattungs-Ordnung. Diese finden Sie ebenfalls auf dieser Homepage.<\/em><\/p>\n\n\n\n<p><em>Wir bedanken uns f\u00fcr Ihr Interesse an unserem Verein sowie an unserem Waldfriedhof.<\/em><\/p>\n\n\n\n<p><em>Ihre Fragen, Anregungen, Kritik bzw. R\u00fcckmeldungen werden uns weiter nach vorne bringen und Ihre Informationsw\u00fcnsche nehmen wir gerne entgegen. <strong>Die Friedhofsgemeinschaft Berghausen w\u00fcnscht Ihnen alles Gute!<\/strong><\/em><\/p>\n\n\n\n<p><em>Berghausen, im M\u00e4rz 2026<\/em><\/p>\n\n\n\n<p><em>J\u00f6rg Jansen (1. Vorsitzender)<\/em><\/p>\n\n\n\n<p><\/p>\n\n\n\n<p><\/p>\n\n\n\n<p><\/p>\n","protected":false},"excerpt":{"rendered":"<p>Herzlich Willkommen auf der Homepage der Friedhofsgemeinschaft Berghausen e.V. (FGB) und des privaten Friedhofs in Berghausen. Sch\u00f6n, dass Sie sich f\u00fcr uns und unsere Arbeit interessieren! Ich nehme Sie gerne ein St\u00fcck mit und gebe Ihnen einige Informationen zu unserem &hellip; <a href=\"https:\/\/www.friedhofsgemeinschaft-berghausen.de\/\">Weiterlesen <span class=\"meta-nav\">&rarr;<\/span><\/a><\/p>\n","protected":false},"author":1,"featured_media":0,"parent":0,"menu_order":0,"comment_status":"closed","ping_status":"closed","template":"","meta":{"footnotes":""},"class_list":["post-81","page","type-page","status-publish","hentry"],"yoast_head":"<!-- This site is optimized with the Yoast SEO plugin v27.5 - https:\/\/yoast.com\/product\/yoast-seo-wordpress\/ -->\n<title>Waldfriedhof Berghausen - Waldfriedhof Berghausen<\/title>\n<meta name=\"robots\" content=\"index, follow, max-snippet:-1, max-image-preview:large, max-video-preview:-1\" \/>\n<link rel=\"canonical\" href=\"https:\/\/www.friedhofsgemeinschaft-berghausen.de\/\" \/>\n<meta property=\"og:locale\" content=\"de_DE\" \/>\n<meta property=\"og:type\" content=\"article\" \/>\n<meta property=\"og:title\" content=\"Waldfriedhof Berghausen - Waldfriedhof Berghausen\" \/>\n<meta property=\"og:description\" content=\"Herzlich Willkommen auf der Homepage der Friedhofsgemeinschaft Berghausen e.V. (FGB) und des privaten Friedhofs in Berghausen. Sch\u00f6n, dass Sie sich f\u00fcr uns und unsere Arbeit interessieren! Ich nehme Sie gerne ein St\u00fcck mit und gebe Ihnen einige Informationen zu unserem &hellip; Weiterlesen &rarr;\" \/>\n<meta property=\"og:url\" content=\"https:\/\/www.friedhofsgemeinschaft-berghausen.de\/\" \/>\n<meta property=\"og:site_name\" content=\"Waldfriedhof Berghausen\" \/>\n<meta property=\"article:modified_time\" content=\"2026-03-24T09:58:37+00:00\" \/>\n<meta property=\"og:image\" content=\"https:\/\/www.friedhofsgemeinschaft-berghausen.de\/wp-content\/uploads\/2019\/07\/friedhof02-1.jpg\" \/>\n\t<meta property=\"og:image:width\" content=\"338\" \/>\n\t<meta property=\"og:image:height\" content=\"450\" \/>\n\t<meta property=\"og:image:type\" content=\"image\/jpeg\" \/>\n<meta name=\"twitter:card\" content=\"summary_large_image\" \/>\n<meta name=\"twitter:label1\" content=\"Gesch\u00e4tzte Lesezeit\" \/>\n\t<meta name=\"twitter:data1\" content=\"2\u00a0Minuten\" \/>\n<script type=\"application\/ld+json\" class=\"yoast-schema-graph\">{\"@context\":\"https:\\\/\\\/schema.org\",\"@graph\":[{\"@type\":\"WebPage\",\"@id\":\"https:\\\/\\\/www.friedhofsgemeinschaft-berghausen.de\\\/\",\"url\":\"https:\\\/\\\/www.friedhofsgemeinschaft-berghausen.de\\\/\",\"name\":\"Waldfriedhof Berghausen - Waldfriedhof Berghausen\",\"isPartOf\":{\"@id\":\"https:\\\/\\\/www.friedhofsgemeinschaft-berghausen.de\\\/#website\"},\"primaryImageOfPage\":{\"@id\":\"https:\\\/\\\/www.friedhofsgemeinschaft-berghausen.de\\\/#primaryimage\"},\"image\":{\"@id\":\"https:\\\/\\\/www.friedhofsgemeinschaft-berghausen.de\\\/#primaryimage\"},\"thumbnailUrl\":\"http:\\\/\\\/www.friedhofsgemeinschaft-berghausen.de\\\/wp-content\\\/uploads\\\/2019\\\/07\\\/friedhof02-1.jpg\",\"datePublished\":\"2019-09-12T12:53:47+00:00\",\"dateModified\":\"2026-03-24T09:58:37+00:00\",\"breadcrumb\":{\"@id\":\"https:\\\/\\\/www.friedhofsgemeinschaft-berghausen.de\\\/#breadcrumb\"},\"inLanguage\":\"de\",\"potentialAction\":[{\"@type\":\"ReadAction\",\"target\":[\"https:\\\/\\\/www.friedhofsgemeinschaft-berghausen.de\\\/\"]}]},{\"@type\":\"ImageObject\",\"inLanguage\":\"de\",\"@id\":\"https:\\\/\\\/www.friedhofsgemeinschaft-berghausen.de\\\/#primaryimage\",\"url\":\"https:\\\/\\\/www.friedhofsgemeinschaft-berghausen.de\\\/wp-content\\\/uploads\\\/2019\\\/07\\\/friedhof02-1.jpg\",\"contentUrl\":\"https:\\\/\\\/www.friedhofsgemeinschaft-berghausen.de\\\/wp-content\\\/uploads\\\/2019\\\/07\\\/friedhof02-1.jpg\",\"width\":338,\"height\":450},{\"@type\":\"BreadcrumbList\",\"@id\":\"https:\\\/\\\/www.friedhofsgemeinschaft-berghausen.de\\\/#breadcrumb\",\"itemListElement\":[{\"@type\":\"ListItem\",\"position\":1,\"name\":\"Startseite\",\"item\":\"https:\\\/\\\/www.friedhofsgemeinschaft-berghausen.de\\\/\"},{\"@type\":\"ListItem\",\"position\":2,\"name\":\"Waldfriedhof Berghausen\"}]},{\"@type\":\"WebSite\",\"@id\":\"https:\\\/\\\/www.friedhofsgemeinschaft-berghausen.de\\\/#website\",\"url\":\"https:\\\/\\\/www.friedhofsgemeinschaft-berghausen.de\\\/\",\"name\":\"Waldfriedhof Berghausen\",\"description\":\"\",\"publisher\":{\"@id\":\"https:\\\/\\\/www.friedhofsgemeinschaft-berghausen.de\\\/#organization\"},\"potentialAction\":[{\"@type\":\"SearchAction\",\"target\":{\"@type\":\"EntryPoint\",\"urlTemplate\":\"https:\\\/\\\/www.friedhofsgemeinschaft-berghausen.de\\\/?s={search_term_string}\"},\"query-input\":{\"@type\":\"PropertyValueSpecification\",\"valueRequired\":true,\"valueName\":\"search_term_string\"}}],\"inLanguage\":\"de\"},{\"@type\":\"Organization\",\"@id\":\"https:\\\/\\\/www.friedhofsgemeinschaft-berghausen.de\\\/#organization\",\"name\":\"Waldfriedhof Berghausen Gummersbach\",\"url\":\"https:\\\/\\\/www.friedhofsgemeinschaft-berghausen.de\\\/\",\"logo\":{\"@type\":\"ImageObject\",\"inLanguage\":\"de\",\"@id\":\"https:\\\/\\\/www.friedhofsgemeinschaft-berghausen.de\\\/#\\\/schema\\\/logo\\\/image\\\/\",\"url\":\"https:\\\/\\\/www.friedhofsgemeinschaft-berghausen.de\\\/wp-content\\\/uploads\\\/2019\\\/09\\\/friedhof02.jpg\",\"contentUrl\":\"https:\\\/\\\/www.friedhofsgemeinschaft-berghausen.de\\\/wp-content\\\/uploads\\\/2019\\\/09\\\/friedhof02.jpg\",\"width\":338,\"height\":450,\"caption\":\"Waldfriedhof Berghausen Gummersbach\"},\"image\":{\"@id\":\"https:\\\/\\\/www.friedhofsgemeinschaft-berghausen.de\\\/#\\\/schema\\\/logo\\\/image\\\/\"}}]}<\/script>\n<!-- \/ Yoast SEO plugin. -->","yoast_head_json":{"title":"Waldfriedhof Berghausen - Waldfriedhof Berghausen","robots":{"index":"index","follow":"follow","max-snippet":"max-snippet:-1","max-image-preview":"max-image-preview:large","max-video-preview":"max-video-preview:-1"},"canonical":"https:\/\/www.friedhofsgemeinschaft-berghausen.de\/","og_locale":"de_DE","og_type":"article","og_title":"Waldfriedhof Berghausen - Waldfriedhof Berghausen","og_description":"Herzlich Willkommen auf der Homepage der Friedhofsgemeinschaft Berghausen e.V. (FGB) und des privaten Friedhofs in Berghausen. Sch\u00f6n, dass Sie sich f\u00fcr uns und unsere Arbeit interessieren! Ich nehme Sie gerne ein St\u00fcck mit und gebe Ihnen einige Informationen zu unserem &hellip; Weiterlesen &rarr;","og_url":"https:\/\/www.friedhofsgemeinschaft-berghausen.de\/","og_site_name":"Waldfriedhof Berghausen","article_modified_time":"2026-03-24T09:58:37+00:00","og_image":[{"width":338,"height":450,"url":"https:\/\/www.friedhofsgemeinschaft-berghausen.de\/wp-content\/uploads\/2019\/07\/friedhof02-1.jpg","type":"image\/jpeg"}],"twitter_card":"summary_large_image","twitter_misc":{"Gesch\u00e4tzte Lesezeit":"2\u00a0Minuten"},"schema":{"@context":"https:\/\/schema.org","@graph":[{"@type":"WebPage","@id":"https:\/\/www.friedhofsgemeinschaft-berghausen.de\/","url":"https:\/\/www.friedhofsgemeinschaft-berghausen.de\/","name":"Waldfriedhof Berghausen - Waldfriedhof Berghausen","isPartOf":{"@id":"https:\/\/www.friedhofsgemeinschaft-berghausen.de\/#website"},"primaryImageOfPage":{"@id":"https:\/\/www.friedhofsgemeinschaft-berghausen.de\/#primaryimage"},"image":{"@id":"https:\/\/www.friedhofsgemeinschaft-berghausen.de\/#primaryimage"},"thumbnailUrl":"http:\/\/www.friedhofsgemeinschaft-berghausen.de\/wp-content\/uploads\/2019\/07\/friedhof02-1.jpg","datePublished":"2019-09-12T12:53:47+00:00","dateModified":"2026-03-24T09:58:37+00:00","breadcrumb":{"@id":"https:\/\/www.friedhofsgemeinschaft-berghausen.de\/#breadcrumb"},"inLanguage":"de","potentialAction":[{"@type":"ReadAction","target":["https:\/\/www.friedhofsgemeinschaft-berghausen.de\/"]}]},{"@type":"ImageObject","inLanguage":"de","@id":"https:\/\/www.friedhofsgemeinschaft-berghausen.de\/#primaryimage","url":"https:\/\/www.friedhofsgemeinschaft-berghausen.de\/wp-content\/uploads\/2019\/07\/friedhof02-1.jpg","contentUrl":"https:\/\/www.friedhofsgemeinschaft-berghausen.de\/wp-content\/uploads\/2019\/07\/friedhof02-1.jpg","width":338,"height":450},{"@type":"BreadcrumbList","@id":"https:\/\/www.friedhofsgemeinschaft-berghausen.de\/#breadcrumb","itemListElement":[{"@type":"ListItem","position":1,"name":"Startseite","item":"https:\/\/www.friedhofsgemeinschaft-berghausen.de\/"},{"@type":"ListItem","position":2,"name":"Waldfriedhof Berghausen"}]},{"@type":"WebSite","@id":"https:\/\/www.friedhofsgemeinschaft-berghausen.de\/#website","url":"https:\/\/www.friedhofsgemeinschaft-berghausen.de\/","name":"Waldfriedhof Berghausen","description":"","publisher":{"@id":"https:\/\/www.friedhofsgemeinschaft-berghausen.de\/#organization"},"potentialAction":[{"@type":"SearchAction","target":{"@type":"EntryPoint","urlTemplate":"https:\/\/www.friedhofsgemeinschaft-berghausen.de\/?s={search_term_string}"},"query-input":{"@type":"PropertyValueSpecification","valueRequired":true,"valueName":"search_term_string"}}],"inLanguage":"de"},{"@type":"Organization","@id":"https:\/\/www.friedhofsgemeinschaft-berghausen.de\/#organization","name":"Waldfriedhof Berghausen Gummersbach","url":"https:\/\/www.friedhofsgemeinschaft-berghausen.de\/","logo":{"@type":"ImageObject","inLanguage":"de","@id":"https:\/\/www.friedhofsgemeinschaft-berghausen.de\/#\/schema\/logo\/image\/","url":"https:\/\/www.friedhofsgemeinschaft-berghausen.de\/wp-content\/uploads\/2019\/09\/friedhof02.jpg","contentUrl":"https:\/\/www.friedhofsgemeinschaft-berghausen.de\/wp-content\/uploads\/2019\/09\/friedhof02.jpg","width":338,"height":450,"caption":"Waldfriedhof Berghausen Gummersbach"},"image":{"@id":"https:\/\/www.friedhofsgemeinschaft-berghausen.de\/#\/schema\/logo\/image\/"}}]}},"_links":{"self":[{"href":"https:\/\/www.friedhofsgemeinschaft-berghausen.de\/index.php?rest_route=\/wp\/v2\/pages\/81","targetHints":{"allow":["GET"]}}],"collection":[{"href":"https:\/\/www.friedhofsgemeinschaft-berghausen.de\/index.php?rest_route=\/wp\/v2\/pages"}],"about":[{"href":"https:\/\/www.friedhofsgemeinschaft-berghausen.de\/index.php?rest_route=\/wp\/v2\/types\/page"}],"author":[{"embeddable":true,"href":"https:\/\/www.friedhofsgemeinschaft-berghausen.de\/index.php?rest_route=\/wp\/v2\/users\/1"}],"replies":[{"embeddable":true,"href":"https:\/\/www.friedhofsgemeinschaft-berghausen.de\/index.php?rest_route=%2Fwp%2Fv2%2Fcomments&post=81"}],"version-history":[{"count":8,"href":"https:\/\/www.friedhofsgemeinschaft-berghausen.de\/index.php?rest_route=\/wp\/v2\/pages\/81\/revisions"}],"predecessor-version":[{"id":351,"href":"https:\/\/www.friedhofsgemeinschaft-berghausen.de\/index.php?rest_route=\/wp\/v2\/pages\/81\/revisions\/351"}],"wp:attachment":[{"href":"https:\/\/www.friedhofsgemeinschaft-berghausen.de\/index.php?rest_route=%2Fwp%2Fv2%2Fmedia&parent=81"}],"curies":[{"name":"wp","href":"https:\/\/api.w.org\/{rel}","templated":true}]}}